{"id":1336,"date":"2019-05-27T09:28:52","date_gmt":"2019-05-27T07:28:52","guid":{"rendered":"http:\/\/ke.localhost.it\/ambienti\/giardino-dinverno-veranda\/"},"modified":"2023-08-01T10:30:18","modified_gmt":"2023-08-01T08:30:18","slug":"giardino-dinverno-veranda","status":"publish","type":"page","link":"https:\/\/www.keoutdoordesign.com\/it-it\/ambienti\/giardino-dinverno-veranda\/","title":{"rendered":"Giardino d&#8217;inverno &#8211; Veranda"},"content":{"rendered":"<p>Agili strutture per esterni e vetrate protettive per il piacere di creare una stanza che ha il cielo come soffitto e la natura come contorno.<strong> I giardini d&#8217;inverno e le verande sono un sogno di quiete e relax<\/strong>, e devono essere gestite in maniera intelligente per essere sfruttate tutto l\u2019anno, anche quando il meteo non \u00e8 ideale. Le coperture per verande che progettiamo sono la soluzione su misura perfetta.<\/p>\n<p>Le<strong> tende da sole per verande, sia con telo avvolgibile, sia con chiusura a pacchetto, si possono adagiare sulla struttura preesistente<\/strong>. Con un semplice gesto, grazie alla possibilit\u00e0 di automatizzare la tenda da sole, il tetto della vostra veranda si aprir\u00e0 o chiuder\u00e0 e voi potrete regolare l\u2019ingresso della luce, il calore o il passaggio di una leggera brezza.<br \/>\nSpace, ad esempio, installata a copertura di un winter garden accoglie il tessuto in un cassonetto compatto e dal design essenziale, cos\u00ec a voi rester\u00e0 solo il piacere di immergervi nel blu del cielo.<\/p>\n<p>Di notte, infine, potrete continuare a vivere i vostri spazi in completa libert\u00e0: le strutture per esterni potranno <strong>chiudere con pareti a vetro o tende con zip tutti i lati della veranda, e le luci a led integrate<\/strong> nelle strutture trasformeranno i vostri locali all\u2019aperto in un luogo magico e pieno di fascino.<\/p>\n","protected":false},"excerpt":{"rendered":"<p>Agili strutture per esterni e vetrate protettive per il piacere di creare una stanza che ha il cielo come soffitto&hellip;<\/p>\n","protected":false},"author":10608,"featured_media":3810,"parent":291,"menu_order":19,"comment_status":"closed","ping_status":"closed","template":"page-templates\/environment.php","meta":{"_acf_changed":false,"footnotes":""},"class_list":["post-1336","page","type-page","status-publish","has-post-thumbnail","hentry"],"acf":[],"yoast_head":"<!-- This site is optimized with the Yoast SEO Premium plugin v20.12 (Yoast SEO v27.4) - https:\/\/yoast.com\/product\/yoast-seo-premium-wordpress\/ -->\n<title>Strutture per Esterni e Vetrate Protettive - KE Outdoor Design<\/title>\n<meta name=\"description\" content=\"Progettiamo strutture per esterni, vetrate protettive per giardini d&#039;inverno e tende da sole per verande resistenti al clima della montagna.\" \/>\n<meta name=\"robots\" content=\"index, follow, max-snippet:-1, max-image-preview:large, max-video-preview:-1\" \/>\n<link rel=\"canonical\" href=\"https:\/\/www.keoutdoordesign.com\/it-it\/ambienti\/giardino-dinverno-veranda\/\" \/>\n<meta property=\"og:locale\" content=\"it_IT\" \/>\n<meta property=\"og:type\" content=\"article\" \/>\n<meta property=\"og:title\" content=\"Giardino d&#039;inverno - Veranda\" \/>\n<meta property=\"og:description\" content=\"Progettiamo strutture per esterni, vetrate protettive per giardini d&#039;inverno e tende da sole per verande resistenti al clima della montagna.\" \/>\n<meta property=\"og:url\" content=\"https:\/\/www.keoutdoordesign.com\/it-it\/ambienti\/giardino-dinverno-veranda\/\" \/>\n<meta property=\"og:site_name\" content=\"KE Outdoor Design\" \/>\n<meta property=\"article:publisher\" content=\"https:\/\/www.facebook.com\/keoutdoordesign.us\" \/>\n<meta property=\"article:modified_time\" content=\"2023-08-01T08:30:18+00:00\" \/>\n<meta property=\"og:image\" content=\"https:\/\/www.keoutdoordesign.com\/wp-content\/uploads\/2019\/05\/KE_Theatercafe_2.jpg\" \/>\n\t<meta property=\"og:image:width\" content=\"2048\" \/>\n\t<meta property=\"og:image:height\" content=\"1080\" \/>\n\t<meta property=\"og:image:type\" content=\"image\/jpeg\" \/>\n<meta name=\"twitter:card\" content=\"summary_large_image\" \/>\n<meta name=\"twitter:site\" content=\"@keoutdoordesign\" \/>\n<script type=\"application\/ld+json\" class=\"yoast-schema-graph\">{\"@context\":\"https:\\\/\\\/schema.org\",\"@graph\":[{\"@type\":\"WebPage\",\"@id\":\"https:\\\/\\\/www.keoutdoordesign.com\\\/it-it\\\/ambienti\\\/giardino-dinverno-veranda\\\/\",\"url\":\"https:\\\/\\\/www.keoutdoordesign.com\\\/it-it\\\/ambienti\\\/giardino-dinverno-veranda\\\/\",\"name\":\"Strutture per Esterni e Vetrate Protettive - KE Outdoor Design\",\"isPartOf\":{\"@id\":\"https:\\\/\\\/www.keoutdoordesign.com\\\/it-it\\\/#website\"},\"primaryImageOfPage\":{\"@id\":\"https:\\\/\\\/www.keoutdoordesign.com\\\/it-it\\\/ambienti\\\/giardino-dinverno-veranda\\\/#primaryimage\"},\"image\":{\"@id\":\"https:\\\/\\\/www.keoutdoordesign.com\\\/it-it\\\/ambienti\\\/giardino-dinverno-veranda\\\/#primaryimage\"},\"thumbnailUrl\":\"https:\\\/\\\/www.keoutdoordesign.com\\\/wp-content\\\/uploads\\\/2019\\\/05\\\/KE_Theatercafe_2.jpg\",\"datePublished\":\"2019-05-27T07:28:52+00:00\",\"dateModified\":\"2023-08-01T08:30:18+00:00\",\"description\":\"Progettiamo strutture per esterni, vetrate protettive per giardini d'inverno e tende da sole per verande resistenti al clima della montagna.\",\"breadcrumb\":{\"@id\":\"https:\\\/\\\/www.keoutdoordesign.com\\\/it-it\\\/ambienti\\\/giardino-dinverno-veranda\\\/#breadcrumb\"},\"inLanguage\":\"it-IT\",\"potentialAction\":[{\"@type\":\"ReadAction\",\"target\":[\"https:\\\/\\\/www.keoutdoordesign.com\\\/it-it\\\/ambienti\\\/giardino-dinverno-veranda\\\/\"]}]},{\"@type\":\"ImageObject\",\"inLanguage\":\"it-IT\",\"@id\":\"https:\\\/\\\/www.keoutdoordesign.com\\\/it-it\\\/ambienti\\\/giardino-dinverno-veranda\\\/#primaryimage\",\"url\":\"https:\\\/\\\/www.keoutdoordesign.com\\\/wp-content\\\/uploads\\\/2019\\\/05\\\/KE_Theatercafe_2.jpg\",\"contentUrl\":\"https:\\\/\\\/www.keoutdoordesign.com\\\/wp-content\\\/uploads\\\/2019\\\/05\\\/KE_Theatercafe_2.jpg\",\"width\":2048,\"height\":1080},{\"@type\":\"BreadcrumbList\",\"@id\":\"https:\\\/\\\/www.keoutdoordesign.com\\\/it-it\\\/ambienti\\\/giardino-dinverno-veranda\\\/#breadcrumb\",\"itemListElement\":[{\"@type\":\"ListItem\",\"position\":1,\"name\":\"Home\",\"item\":\"https:\\\/\\\/www.keoutdoordesign.com\\\/it-it\\\/\"},{\"@type\":\"ListItem\",\"position\":2,\"name\":\"Ambienti\",\"item\":\"https:\\\/\\\/www.keoutdoordesign.com\\\/it-it\\\/ambienti\\\/\"},{\"@type\":\"ListItem\",\"position\":3,\"name\":\"Giardino d&#8217;inverno &#8211; Veranda\"}]},{\"@type\":\"WebSite\",\"@id\":\"https:\\\/\\\/www.keoutdoordesign.com\\\/it-it\\\/#website\",\"url\":\"https:\\\/\\\/www.keoutdoordesign.com\\\/it-it\\\/\",\"name\":\"KE Outdoor Design\",\"description\":\"Awnings, Pergolas and Custom Shade Solutions\",\"publisher\":{\"@id\":\"https:\\\/\\\/www.keoutdoordesign.com\\\/it-it\\\/#organization\"},\"potentialAction\":[{\"@type\":\"SearchAction\",\"target\":{\"@type\":\"EntryPoint\",\"urlTemplate\":\"https:\\\/\\\/www.keoutdoordesign.com\\\/it-it\\\/?s={search_term_string}\"},\"query-input\":{\"@type\":\"PropertyValueSpecification\",\"valueRequired\":true,\"valueName\":\"search_term_string\"}}],\"inLanguage\":\"it-IT\"},{\"@type\":\"Organization\",\"@id\":\"https:\\\/\\\/www.keoutdoordesign.com\\\/it-it\\\/#organization\",\"name\":\"KE Outdoor Design\",\"url\":\"https:\\\/\\\/www.keoutdoordesign.com\\\/it-it\\\/\",\"logo\":{\"@type\":\"ImageObject\",\"inLanguage\":\"it-IT\",\"@id\":\"https:\\\/\\\/www.keoutdoordesign.com\\\/it-it\\\/#\\\/schema\\\/logo\\\/image\\\/\",\"url\":\"https:\\\/\\\/www.keoutdoordesign.com\\\/wp-content\\\/uploads\\\/2020\\\/02\\\/KE-logo-Primary-e1591282842174.jpg\",\"contentUrl\":\"https:\\\/\\\/www.keoutdoordesign.com\\\/wp-content\\\/uploads\\\/2020\\\/02\\\/KE-logo-Primary-e1591282842174.jpg\",\"width\":500,\"height\":396,\"caption\":\"KE Outdoor Design\"},\"image\":{\"@id\":\"https:\\\/\\\/www.keoutdoordesign.com\\\/it-it\\\/#\\\/schema\\\/logo\\\/image\\\/\"},\"sameAs\":[\"https:\\\/\\\/www.facebook.com\\\/keoutdoordesign.us\",\"https:\\\/\\\/x.com\\\/keoutdoordesign\",\"https:\\\/\\\/www.facebook.com\\\/keoutdoordesign\",\"https:\\\/\\\/www.youtube.com\\\/channel\\\/UCSoMQryJpLqD53bAoZLg2Vg\",\"https:\\\/\\\/www.pinterest.it\\\/keoutdoordesign\\\/\",\"https:\\\/\\\/www.instagram.com\\\/keoutdoordesign\\\/\",\"https:\\\/\\\/www.linkedin.com\\\/company\\\/ke-outdoor-design\\\/\"]}]}<\/script>\n<!-- \/ Yoast SEO Premium plugin. -->","yoast_head_json":{"title":"Strutture per Esterni e Vetrate Protettive - KE Outdoor Design","description":"Progettiamo strutture per esterni, vetrate protettive per giardini d'inverno e tende da sole per verande resistenti al clima della montagna.","robots":{"index":"index","follow":"follow","max-snippet":"max-snippet:-1","max-image-preview":"max-image-preview:large","max-video-preview":"max-video-preview:-1"},"canonical":"https:\/\/www.keoutdoordesign.com\/it-it\/ambienti\/giardino-dinverno-veranda\/","og_locale":"it_IT","og_type":"article","og_title":"Giardino d'inverno - Veranda","og_description":"Progettiamo strutture per esterni, vetrate protettive per giardini d'inverno e tende da sole per verande resistenti al clima della montagna.","og_url":"https:\/\/www.keoutdoordesign.com\/it-it\/ambienti\/giardino-dinverno-veranda\/","og_site_name":"KE Outdoor Design","article_publisher":"https:\/\/www.facebook.com\/keoutdoordesign.us","article_modified_time":"2023-08-01T08:30:18+00:00","og_image":[{"width":2048,"height":1080,"url":"https:\/\/www.keoutdoordesign.com\/wp-content\/uploads\/2019\/05\/KE_Theatercafe_2.jpg","type":"image\/jpeg"}],"twitter_card":"summary_large_image","twitter_site":"@keoutdoordesign","schema":{"@context":"https:\/\/schema.org","@graph":[{"@type":"WebPage","@id":"https:\/\/www.keoutdoordesign.com\/it-it\/ambienti\/giardino-dinverno-veranda\/","url":"https:\/\/www.keoutdoordesign.com\/it-it\/ambienti\/giardino-dinverno-veranda\/","name":"Strutture per Esterni e Vetrate Protettive - KE Outdoor Design","isPartOf":{"@id":"https:\/\/www.keoutdoordesign.com\/it-it\/#website"},"primaryImageOfPage":{"@id":"https:\/\/www.keoutdoordesign.com\/it-it\/ambienti\/giardino-dinverno-veranda\/#primaryimage"},"image":{"@id":"https:\/\/www.keoutdoordesign.com\/it-it\/ambienti\/giardino-dinverno-veranda\/#primaryimage"},"thumbnailUrl":"https:\/\/www.keoutdoordesign.com\/wp-content\/uploads\/2019\/05\/KE_Theatercafe_2.jpg","datePublished":"2019-05-27T07:28:52+00:00","dateModified":"2023-08-01T08:30:18+00:00","description":"Progettiamo strutture per esterni, vetrate protettive per giardini d'inverno e tende da sole per verande resistenti al clima della montagna.","breadcrumb":{"@id":"https:\/\/www.keoutdoordesign.com\/it-it\/ambienti\/giardino-dinverno-veranda\/#breadcrumb"},"inLanguage":"it-IT","potentialAction":[{"@type":"ReadAction","target":["https:\/\/www.keoutdoordesign.com\/it-it\/ambienti\/giardino-dinverno-veranda\/"]}]},{"@type":"ImageObject","inLanguage":"it-IT","@id":"https:\/\/www.keoutdoordesign.com\/it-it\/ambienti\/giardino-dinverno-veranda\/#primaryimage","url":"https:\/\/www.keoutdoordesign.com\/wp-content\/uploads\/2019\/05\/KE_Theatercafe_2.jpg","contentUrl":"https:\/\/www.keoutdoordesign.com\/wp-content\/uploads\/2019\/05\/KE_Theatercafe_2.jpg","width":2048,"height":1080},{"@type":"BreadcrumbList","@id":"https:\/\/www.keoutdoordesign.com\/it-it\/ambienti\/giardino-dinverno-veranda\/#breadcrumb","itemListElement":[{"@type":"ListItem","position":1,"name":"Home","item":"https:\/\/www.keoutdoordesign.com\/it-it\/"},{"@type":"ListItem","position":2,"name":"Ambienti","item":"https:\/\/www.keoutdoordesign.com\/it-it\/ambienti\/"},{"@type":"ListItem","position":3,"name":"Giardino d&#8217;inverno &#8211; Veranda"}]},{"@type":"WebSite","@id":"https:\/\/www.keoutdoordesign.com\/it-it\/#website","url":"https:\/\/www.keoutdoordesign.com\/it-it\/","name":"KE Outdoor Design","description":"Awnings, Pergolas and Custom Shade Solutions","publisher":{"@id":"https:\/\/www.keoutdoordesign.com\/it-it\/#organization"},"potentialAction":[{"@type":"SearchAction","target":{"@type":"EntryPoint","urlTemplate":"https:\/\/www.keoutdoordesign.com\/it-it\/?s={search_term_string}"},"query-input":{"@type":"PropertyValueSpecification","valueRequired":true,"valueName":"search_term_string"}}],"inLanguage":"it-IT"},{"@type":"Organization","@id":"https:\/\/www.keoutdoordesign.com\/it-it\/#organization","name":"KE Outdoor Design","url":"https:\/\/www.keoutdoordesign.com\/it-it\/","logo":{"@type":"ImageObject","inLanguage":"it-IT","@id":"https:\/\/www.keoutdoordesign.com\/it-it\/#\/schema\/logo\/image\/","url":"https:\/\/www.keoutdoordesign.com\/wp-content\/uploads\/2020\/02\/KE-logo-Primary-e1591282842174.jpg","contentUrl":"https:\/\/www.keoutdoordesign.com\/wp-content\/uploads\/2020\/02\/KE-logo-Primary-e1591282842174.jpg","width":500,"height":396,"caption":"KE Outdoor Design"},"image":{"@id":"https:\/\/www.keoutdoordesign.com\/it-it\/#\/schema\/logo\/image\/"},"sameAs":["https:\/\/www.facebook.com\/keoutdoordesign.us","https:\/\/x.com\/keoutdoordesign","https:\/\/www.facebook.com\/keoutdoordesign","https:\/\/www.youtube.com\/channel\/UCSoMQryJpLqD53bAoZLg2Vg","https:\/\/www.pinterest.it\/keoutdoordesign\/","https:\/\/www.instagram.com\/keoutdoordesign\/","https:\/\/www.linkedin.com\/company\/ke-outdoor-design\/"]}]}},"_links":{"self":[{"href":"https:\/\/www.keoutdoordesign.com\/it-it\/wp-json\/wp\/v2\/pages\/1336","targetHints":{"allow":["GET"]}}],"collection":[{"href":"https:\/\/www.keoutdoordesign.com\/it-it\/wp-json\/wp\/v2\/pages"}],"about":[{"href":"https:\/\/www.keoutdoordesign.com\/it-it\/wp-json\/wp\/v2\/types\/page"}],"author":[{"embeddable":true,"href":"https:\/\/www.keoutdoordesign.com\/it-it\/wp-json\/wp\/v2\/users\/10608"}],"replies":[{"embeddable":true,"href":"https:\/\/www.keoutdoordesign.com\/it-it\/wp-json\/wp\/v2\/comments?post=1336"}],"version-history":[{"count":6,"href":"https:\/\/www.keoutdoordesign.com\/it-it\/wp-json\/wp\/v2\/pages\/1336\/revisions"}],"predecessor-version":[{"id":11300,"href":"https:\/\/www.keoutdoordesign.com\/it-it\/wp-json\/wp\/v2\/pages\/1336\/revisions\/11300"}],"up":[{"embeddable":true,"href":"https:\/\/www.keoutdoordesign.com\/it-it\/wp-json\/wp\/v2\/pages\/291"}],"wp:featuredmedia":[{"embeddable":true,"href":"https:\/\/www.keoutdoordesign.com\/it-it\/wp-json\/wp\/v2\/media\/3810"}],"wp:attachment":[{"href":"https:\/\/www.keoutdoordesign.com\/it-it\/wp-json\/wp\/v2\/media?parent=1336"}],"curies":[{"name":"wp","href":"https:\/\/api.w.org\/{rel}","templated":true}]}}