{"id":120601,"date":"2026-03-25T16:39:21","date_gmt":"2026-03-25T15:39:21","guid":{"rendered":"https:\/\/www.keoutdoordesign.com\/?page_id=120601"},"modified":"2026-03-31T10:16:29","modified_gmt":"2026-03-31T08:16:29","slug":"kedry-neos","status":"publish","type":"page","link":"https:\/\/www.keoutdoordesign.com\/es-es\/pergola-gennius\/pergolas-bioclimaticas\/kedry-neos\/","title":{"rendered":"Kedry Neos"},"content":{"rendered":"<p>Una nueva dimensi\u00f3n en la que el perfil tecnol\u00f3gico de Kedry Neos destaca por una ingenier\u00eda invisible pero extremadamente eficaz, comenzando con el innovador sistema de drenaje: una canaleta con juntas de alta estanqueidad conduce el agua directamente a los puntos de descarga integrados en las columnas, preservando la limpieza est\u00e9tica de la estructura. Esta atenci\u00f3n al detalle se combina con una modularidad que permite a Kedry Neos adaptarse a cualquier necesidad de dise\u00f1o, tanto en versi\u00f3n autoportante como adosada, alcanzando dimensiones de hasta <strong>450&#215;600 cm por m\u00f3dulo<\/strong>, con posibilidad de unir varias unidades para cubrir superficies extensas. Para una experiencia de bienestar total, el elegante sistema integra<strong> luces LED regulables, colocadas en los perfiles de la canaleta<\/strong>, que permiten controlar la intensidad luminosa, transformando el espacio en un ambiente acogedor y utilizable en cualquier momento del d\u00eda.<\/p>\n<p>Para completar una visi\u00f3n del outdoor cada vez m\u00e1s a medida, Kedry Neos puede equiparse con nuevas lamas parasol, concebidas como un verdadero complemento est\u00e9tico, que permiten modular la luz con gran elegancia, garantizando una privacidad y un di\u00e1logo est\u00e9tico sofisticado con la arquitectura circundante. Para un sombreado total, la estructura est\u00e1 preparada para la adici\u00f3n de cerramientos perimetrales como los vidrios Line Glass, los sistemas de protecci\u00f3n vertical Vertika y cortinas de tipo drapeado.<\/p>\n<p>La integraci\u00f3n de sistemas de automatizaci\u00f3n inteligente garantiza una gesti\u00f3n clim\u00e1tica din\u00e1mica, mientras que la total libertad de personalizaci\u00f3n permite moldear la arquitectura exterior seg\u00fan la visi\u00f3n est\u00e9tica y funcional espec\u00edfica de cada proyecto.<\/p>\n<pre id=\"tw-target-text\" class=\"tw-data-text tw-text-large tw-ta\" dir=\"ltr\" data-placeholder=\"Traduzione\" data-ved=\"2ahUKEwiyztj_rfaEAxX0hP0HHUFVCfkQ3ewLegQIBRAU\"><\/pre>\n","protected":false},"excerpt":{"rendered":"<p>Una nueva dimensi\u00f3n en la que el perfil tecnol\u00f3gico de Kedry Neos destaca por una ingenier\u00eda invisible pero extremadamente eficaz,&hellip;<\/p>\n","protected":false},"author":10407,"featured_media":120662,"parent":4766,"menu_order":0,"comment_status":"closed","ping_status":"closed","template":"page-templates\/product.php","meta":{"_acf_changed":false,"footnotes":""},"class_list":["post-120601","page","type-page","status-publish","has-post-thumbnail","hentry"],"acf":[],"yoast_head":"<!-- This site is optimized with the Yoast SEO Premium plugin v20.12 (Yoast SEO v27.4) - https:\/\/yoast.com\/product\/yoast-seo-premium-wordpress\/ -->\n<title>P\u00e9rgola Bioclim\u00e1tica Lamas Orientables - Kedry Neos - KE Outdoor Design<\/title>\n<meta name=\"description\" content=\"Con nuestra p\u00e9rgola bioclim\u00e1tica retr\u00e1ctil de lamas m\u00f3viles orientables podr\u00e1 ajustar la intensidad de la luz y la ventilaci\u00f3n. \u00a1No dude en consultarnos!\" \/>\n<meta name=\"robots\" content=\"index, follow, max-snippet:-1, max-image-preview:large, max-video-preview:-1\" \/>\n<link rel=\"canonical\" href=\"https:\/\/www.keoutdoordesign.com\/es-es\/pergola-gennius\/pergolas-bioclimaticas\/kedry-neos\/\" \/>\n<meta property=\"og:locale\" content=\"es_ES\" \/>\n<meta property=\"og:type\" content=\"article\" \/>\n<meta property=\"og:title\" content=\"Kedry Neos\" \/>\n<meta property=\"og:description\" content=\"Con nuestra p\u00e9rgola bioclim\u00e1tica retr\u00e1ctil de lamas m\u00f3viles orientables podr\u00e1 ajustar la intensidad de la luz y la ventilaci\u00f3n. \u00a1No dude en consultarnos!\" \/>\n<meta property=\"og:url\" content=\"https:\/\/www.keoutdoordesign.com\/es-es\/pergola-gennius\/pergolas-bioclimaticas\/kedry-neos\/\" \/>\n<meta property=\"og:site_name\" content=\"KE Outdoor Design\" \/>\n<meta property=\"article:publisher\" content=\"https:\/\/www.facebook.com\/keoutdoordesign.us\" \/>\n<meta property=\"article:modified_time\" content=\"2026-03-31T08:16:29+00:00\" \/>\n<meta property=\"og:image\" content=\"https:\/\/www.keoutdoordesign.com\/wp-content\/uploads\/2026\/03\/KEDRY-NEOS_AUTOPORTANTE-SINGOLA_VISTA-GENERALE_ALTA_02.jpg\" \/>\n\t<meta property=\"og:image:width\" content=\"1920\" \/>\n\t<meta property=\"og:image:height\" content=\"1358\" \/>\n\t<meta property=\"og:image:type\" content=\"image\/jpeg\" \/>\n<meta name=\"twitter:card\" content=\"summary_large_image\" \/>\n<meta name=\"twitter:site\" content=\"@keoutdoordesign\" \/>\n<script type=\"application\/ld+json\" class=\"yoast-schema-graph\">{\"@context\":\"https:\\\/\\\/schema.org\",\"@graph\":[{\"@type\":\"WebPage\",\"@id\":\"https:\\\/\\\/www.keoutdoordesign.com\\\/es-es\\\/pergola-gennius\\\/pergolas-bioclimaticas\\\/kedry-neos\\\/\",\"url\":\"https:\\\/\\\/www.keoutdoordesign.com\\\/es-es\\\/pergola-gennius\\\/pergolas-bioclimaticas\\\/kedry-neos\\\/\",\"name\":\"P\u00e9rgola Bioclim\u00e1tica Lamas Orientables - Kedry Neos - KE Outdoor Design\",\"isPartOf\":{\"@id\":\"https:\\\/\\\/www.keoutdoordesign.com\\\/it-it\\\/#website\"},\"primaryImageOfPage\":{\"@id\":\"https:\\\/\\\/www.keoutdoordesign.com\\\/es-es\\\/pergola-gennius\\\/pergolas-bioclimaticas\\\/kedry-neos\\\/#primaryimage\"},\"image\":{\"@id\":\"https:\\\/\\\/www.keoutdoordesign.com\\\/es-es\\\/pergola-gennius\\\/pergolas-bioclimaticas\\\/kedry-neos\\\/#primaryimage\"},\"thumbnailUrl\":\"https:\\\/\\\/www.keoutdoordesign.com\\\/wp-content\\\/uploads\\\/2026\\\/03\\\/KEDRY-NEOS_AUTOPORTANTE-SINGOLA_VISTA-GENERALE_ALTA_02.jpg\",\"datePublished\":\"2026-03-25T15:39:21+00:00\",\"dateModified\":\"2026-03-31T08:16:29+00:00\",\"description\":\"Con nuestra p\u00e9rgola bioclim\u00e1tica retr\u00e1ctil de lamas m\u00f3viles orientables podr\u00e1 ajustar la intensidad de la luz y la ventilaci\u00f3n. \u00a1No dude en consultarnos!\",\"breadcrumb\":{\"@id\":\"https:\\\/\\\/www.keoutdoordesign.com\\\/es-es\\\/pergola-gennius\\\/pergolas-bioclimaticas\\\/kedry-neos\\\/#breadcrumb\"},\"inLanguage\":\"es\",\"potentialAction\":[{\"@type\":\"ReadAction\",\"target\":[\"https:\\\/\\\/www.keoutdoordesign.com\\\/es-es\\\/pergola-gennius\\\/pergolas-bioclimaticas\\\/kedry-neos\\\/\"]}]},{\"@type\":\"ImageObject\",\"inLanguage\":\"es\",\"@id\":\"https:\\\/\\\/www.keoutdoordesign.com\\\/es-es\\\/pergola-gennius\\\/pergolas-bioclimaticas\\\/kedry-neos\\\/#primaryimage\",\"url\":\"https:\\\/\\\/www.keoutdoordesign.com\\\/wp-content\\\/uploads\\\/2026\\\/03\\\/KEDRY-NEOS_AUTOPORTANTE-SINGOLA_VISTA-GENERALE_ALTA_02.jpg\",\"contentUrl\":\"https:\\\/\\\/www.keoutdoordesign.com\\\/wp-content\\\/uploads\\\/2026\\\/03\\\/KEDRY-NEOS_AUTOPORTANTE-SINGOLA_VISTA-GENERALE_ALTA_02.jpg\",\"width\":1920,\"height\":1358},{\"@type\":\"BreadcrumbList\",\"@id\":\"https:\\\/\\\/www.keoutdoordesign.com\\\/es-es\\\/pergola-gennius\\\/pergolas-bioclimaticas\\\/kedry-neos\\\/#breadcrumb\",\"itemListElement\":[{\"@type\":\"ListItem\",\"position\":1,\"name\":\"Home\",\"item\":\"https:\\\/\\\/www.keoutdoordesign.com\\\/es-es\\\/\"},{\"@type\":\"ListItem\",\"position\":2,\"name\":\"P\u00e9rgola Gennius\",\"item\":\"https:\\\/\\\/www.keoutdoordesign.com\\\/es-es\\\/pergola-gennius\\\/\"},{\"@type\":\"ListItem\",\"position\":3,\"name\":\"P\u00e9rgolas bioclim\u00e1ticas\",\"item\":\"https:\\\/\\\/www.keoutdoordesign.com\\\/es-es\\\/pergola-gennius\\\/pergolas-bioclimaticas\\\/\"},{\"@type\":\"ListItem\",\"position\":4,\"name\":\"Kedry Neos\"}]},{\"@type\":\"WebSite\",\"@id\":\"https:\\\/\\\/www.keoutdoordesign.com\\\/it-it\\\/#website\",\"url\":\"https:\\\/\\\/www.keoutdoordesign.com\\\/it-it\\\/\",\"name\":\"KE Outdoor Design\",\"description\":\"Un nuovo sito targato WordPress\",\"publisher\":{\"@id\":\"https:\\\/\\\/www.keoutdoordesign.com\\\/it-it\\\/#organization\"},\"potentialAction\":[{\"@type\":\"SearchAction\",\"target\":{\"@type\":\"EntryPoint\",\"urlTemplate\":\"https:\\\/\\\/www.keoutdoordesign.com\\\/it-it\\\/?s={search_term_string}\"},\"query-input\":{\"@type\":\"PropertyValueSpecification\",\"valueRequired\":true,\"valueName\":\"search_term_string\"}}],\"inLanguage\":\"es\"},{\"@type\":\"Organization\",\"@id\":\"https:\\\/\\\/www.keoutdoordesign.com\\\/it-it\\\/#organization\",\"name\":\"KE Outdoor Design\",\"url\":\"https:\\\/\\\/www.keoutdoordesign.com\\\/it-it\\\/\",\"logo\":{\"@type\":\"ImageObject\",\"inLanguage\":\"es\",\"@id\":\"https:\\\/\\\/www.keoutdoordesign.com\\\/it-it\\\/#\\\/schema\\\/logo\\\/image\\\/\",\"url\":\"https:\\\/\\\/www.keoutdoordesign.com\\\/wp-content\\\/uploads\\\/2020\\\/02\\\/KE-logo-Primary-e1591282842174.jpg\",\"contentUrl\":\"https:\\\/\\\/www.keoutdoordesign.com\\\/wp-content\\\/uploads\\\/2020\\\/02\\\/KE-logo-Primary-e1591282842174.jpg\",\"width\":500,\"height\":396,\"caption\":\"KE Outdoor Design\"},\"image\":{\"@id\":\"https:\\\/\\\/www.keoutdoordesign.com\\\/it-it\\\/#\\\/schema\\\/logo\\\/image\\\/\"},\"sameAs\":[\"https:\\\/\\\/www.facebook.com\\\/keoutdoordesign.us\",\"https:\\\/\\\/x.com\\\/keoutdoordesign\",\"https:\\\/\\\/www.facebook.com\\\/keoutdoordesign\",\"https:\\\/\\\/www.youtube.com\\\/channel\\\/UCSoMQryJpLqD53bAoZLg2Vg\",\"https:\\\/\\\/www.pinterest.it\\\/keoutdoordesign\\\/\",\"https:\\\/\\\/www.instagram.com\\\/keoutdoordesign\\\/\",\"https:\\\/\\\/www.linkedin.com\\\/company\\\/ke-outdoor-design\\\/\"]}]}<\/script>\n<!-- \/ Yoast SEO Premium plugin. -->","yoast_head_json":{"title":"P\u00e9rgola Bioclim\u00e1tica Lamas Orientables - Kedry Neos - KE Outdoor Design","description":"Con nuestra p\u00e9rgola bioclim\u00e1tica retr\u00e1ctil de lamas m\u00f3viles orientables podr\u00e1 ajustar la intensidad de la luz y la ventilaci\u00f3n. \u00a1No dude en consultarnos!","robots":{"index":"index","follow":"follow","max-snippet":"max-snippet:-1","max-image-preview":"max-image-preview:large","max-video-preview":"max-video-preview:-1"},"canonical":"https:\/\/www.keoutdoordesign.com\/es-es\/pergola-gennius\/pergolas-bioclimaticas\/kedry-neos\/","og_locale":"es_ES","og_type":"article","og_title":"Kedry Neos","og_description":"Con nuestra p\u00e9rgola bioclim\u00e1tica retr\u00e1ctil de lamas m\u00f3viles orientables podr\u00e1 ajustar la intensidad de la luz y la ventilaci\u00f3n. \u00a1No dude en consultarnos!","og_url":"https:\/\/www.keoutdoordesign.com\/es-es\/pergola-gennius\/pergolas-bioclimaticas\/kedry-neos\/","og_site_name":"KE Outdoor Design","article_publisher":"https:\/\/www.facebook.com\/keoutdoordesign.us","article_modified_time":"2026-03-31T08:16:29+00:00","og_image":[{"width":1920,"height":1358,"url":"https:\/\/www.keoutdoordesign.com\/wp-content\/uploads\/2026\/03\/KEDRY-NEOS_AUTOPORTANTE-SINGOLA_VISTA-GENERALE_ALTA_02.jpg","type":"image\/jpeg"}],"twitter_card":"summary_large_image","twitter_site":"@keoutdoordesign","schema":{"@context":"https:\/\/schema.org","@graph":[{"@type":"WebPage","@id":"https:\/\/www.keoutdoordesign.com\/es-es\/pergola-gennius\/pergolas-bioclimaticas\/kedry-neos\/","url":"https:\/\/www.keoutdoordesign.com\/es-es\/pergola-gennius\/pergolas-bioclimaticas\/kedry-neos\/","name":"P\u00e9rgola Bioclim\u00e1tica Lamas Orientables - Kedry Neos - KE Outdoor Design","isPartOf":{"@id":"https:\/\/www.keoutdoordesign.com\/it-it\/#website"},"primaryImageOfPage":{"@id":"https:\/\/www.keoutdoordesign.com\/es-es\/pergola-gennius\/pergolas-bioclimaticas\/kedry-neos\/#primaryimage"},"image":{"@id":"https:\/\/www.keoutdoordesign.com\/es-es\/pergola-gennius\/pergolas-bioclimaticas\/kedry-neos\/#primaryimage"},"thumbnailUrl":"https:\/\/www.keoutdoordesign.com\/wp-content\/uploads\/2026\/03\/KEDRY-NEOS_AUTOPORTANTE-SINGOLA_VISTA-GENERALE_ALTA_02.jpg","datePublished":"2026-03-25T15:39:21+00:00","dateModified":"2026-03-31T08:16:29+00:00","description":"Con nuestra p\u00e9rgola bioclim\u00e1tica retr\u00e1ctil de lamas m\u00f3viles orientables podr\u00e1 ajustar la intensidad de la luz y la ventilaci\u00f3n. \u00a1No dude en consultarnos!","breadcrumb":{"@id":"https:\/\/www.keoutdoordesign.com\/es-es\/pergola-gennius\/pergolas-bioclimaticas\/kedry-neos\/#breadcrumb"},"inLanguage":"es","potentialAction":[{"@type":"ReadAction","target":["https:\/\/www.keoutdoordesign.com\/es-es\/pergola-gennius\/pergolas-bioclimaticas\/kedry-neos\/"]}]},{"@type":"ImageObject","inLanguage":"es","@id":"https:\/\/www.keoutdoordesign.com\/es-es\/pergola-gennius\/pergolas-bioclimaticas\/kedry-neos\/#primaryimage","url":"https:\/\/www.keoutdoordesign.com\/wp-content\/uploads\/2026\/03\/KEDRY-NEOS_AUTOPORTANTE-SINGOLA_VISTA-GENERALE_ALTA_02.jpg","contentUrl":"https:\/\/www.keoutdoordesign.com\/wp-content\/uploads\/2026\/03\/KEDRY-NEOS_AUTOPORTANTE-SINGOLA_VISTA-GENERALE_ALTA_02.jpg","width":1920,"height":1358},{"@type":"BreadcrumbList","@id":"https:\/\/www.keoutdoordesign.com\/es-es\/pergola-gennius\/pergolas-bioclimaticas\/kedry-neos\/#breadcrumb","itemListElement":[{"@type":"ListItem","position":1,"name":"Home","item":"https:\/\/www.keoutdoordesign.com\/es-es\/"},{"@type":"ListItem","position":2,"name":"P\u00e9rgola Gennius","item":"https:\/\/www.keoutdoordesign.com\/es-es\/pergola-gennius\/"},{"@type":"ListItem","position":3,"name":"P\u00e9rgolas bioclim\u00e1ticas","item":"https:\/\/www.keoutdoordesign.com\/es-es\/pergola-gennius\/pergolas-bioclimaticas\/"},{"@type":"ListItem","position":4,"name":"Kedry Neos"}]},{"@type":"WebSite","@id":"https:\/\/www.keoutdoordesign.com\/it-it\/#website","url":"https:\/\/www.keoutdoordesign.com\/it-it\/","name":"KE Outdoor Design","description":"Un nuovo sito targato WordPress","publisher":{"@id":"https:\/\/www.keoutdoordesign.com\/it-it\/#organization"},"potentialAction":[{"@type":"SearchAction","target":{"@type":"EntryPoint","urlTemplate":"https:\/\/www.keoutdoordesign.com\/it-it\/?s={search_term_string}"},"query-input":{"@type":"PropertyValueSpecification","valueRequired":true,"valueName":"search_term_string"}}],"inLanguage":"es"},{"@type":"Organization","@id":"https:\/\/www.keoutdoordesign.com\/it-it\/#organization","name":"KE Outdoor Design","url":"https:\/\/www.keoutdoordesign.com\/it-it\/","logo":{"@type":"ImageObject","inLanguage":"es","@id":"https:\/\/www.keoutdoordesign.com\/it-it\/#\/schema\/logo\/image\/","url":"https:\/\/www.keoutdoordesign.com\/wp-content\/uploads\/2020\/02\/KE-logo-Primary-e1591282842174.jpg","contentUrl":"https:\/\/www.keoutdoordesign.com\/wp-content\/uploads\/2020\/02\/KE-logo-Primary-e1591282842174.jpg","width":500,"height":396,"caption":"KE Outdoor Design"},"image":{"@id":"https:\/\/www.keoutdoordesign.com\/it-it\/#\/schema\/logo\/image\/"},"sameAs":["https:\/\/www.facebook.com\/keoutdoordesign.us","https:\/\/x.com\/keoutdoordesign","https:\/\/www.facebook.com\/keoutdoordesign","https:\/\/www.youtube.com\/channel\/UCSoMQryJpLqD53bAoZLg2Vg","https:\/\/www.pinterest.it\/keoutdoordesign\/","https:\/\/www.instagram.com\/keoutdoordesign\/","https:\/\/www.linkedin.com\/company\/ke-outdoor-design\/"]}]}},"_links":{"self":[{"href":"https:\/\/www.keoutdoordesign.com\/es-es\/wp-json\/wp\/v2\/pages\/120601","targetHints":{"allow":["GET"]}}],"collection":[{"href":"https:\/\/www.keoutdoordesign.com\/es-es\/wp-json\/wp\/v2\/pages"}],"about":[{"href":"https:\/\/www.keoutdoordesign.com\/es-es\/wp-json\/wp\/v2\/types\/page"}],"author":[{"embeddable":true,"href":"https:\/\/www.keoutdoordesign.com\/es-es\/wp-json\/wp\/v2\/users\/10407"}],"replies":[{"embeddable":true,"href":"https:\/\/www.keoutdoordesign.com\/es-es\/wp-json\/wp\/v2\/comments?post=120601"}],"version-history":[{"count":2,"href":"https:\/\/www.keoutdoordesign.com\/es-es\/wp-json\/wp\/v2\/pages\/120601\/revisions"}],"predecessor-version":[{"id":120859,"href":"https:\/\/www.keoutdoordesign.com\/es-es\/wp-json\/wp\/v2\/pages\/120601\/revisions\/120859"}],"up":[{"embeddable":true,"href":"https:\/\/www.keoutdoordesign.com\/es-es\/wp-json\/wp\/v2\/pages\/4766"}],"wp:featuredmedia":[{"embeddable":true,"href":"https:\/\/www.keoutdoordesign.com\/es-es\/wp-json\/wp\/v2\/media\/120662"}],"wp:attachment":[{"href":"https:\/\/www.keoutdoordesign.com\/es-es\/wp-json\/wp\/v2\/media?parent=120601"}],"curies":[{"name":"wp","href":"https:\/\/api.w.org\/{rel}","templated":true}]}}